{"version":"1.0","provider_name":"La Feria, Carrusel Cultural","provider_url":"https:\/\/noticias.imer.mx\/laferia","author_name":"La Feria","author_url":"https:\/\/noticias.imer.mx\/laferia\/author\/laferia\/","title":"Entrevista con el m\u00fasico Armando Rosas - La Feria, Carrusel Cultural","type":"rich","width":600,"height":338,"html":"<blockquote class=\"wp-embedded-content\" data-secret=\"eDmKsFyEK0\"><a href=\"https:\/\/noticias.imer.mx\/laferia\/2017\/03\/09\/armando-rosas\/\">Entrevista con el m\u00fasico Armando Rosas<\/a><\/blockquote><iframe sandbox=\"allow-scripts\" security=\"restricted\" src=\"https:\/\/noticias.imer.mx\/laferia\/2017\/03\/09\/armando-rosas\/embed\/#?secret=eDmKsFyEK0\" width=\"600\" height=\"338\" title=\"\u00abEntrevista con el m\u00fasico Armando Rosas\u00bb \u2014 La Feria, Carrusel Cultural\" data-secret=\"eDmKsFyEK0\" frameborder=\"0\" marginwidth=\"0\" marginheight=\"0\" scrolling=\"no\" class=\"wp-embedded-content\"><\/iframe><script type=\"text\/javascript\">\n\/*! This file is auto-generated *\/\n!function(c,d){\"use strict\";var e=!1,o=!1;if(d.querySelector)if(c.addEventListener)e=!0;if(c.wp=c.wp||{},c.wp.receiveEmbedMessage);else if(c.wp.receiveEmbedMessage=function(e){var t=e.data;if(!t);else if(!(t.secret||t.message||t.value));else if(\/[^a-zA-Z0-9]\/.test(t.secret));else{for(var r,s,a,i=d.querySelectorAll('iframe[data-secret=\"'+t.secret+'\"]'),n=d.querySelectorAll('blockquote[data-secret=\"'+t.secret+'\"]'),o=new RegExp(\"^https?:$\",\"i\"),l=0;l<n.length;l++)n[l].style.display=\"none\";for(l=0;l<i.length;l++)if(r=i[l],e.source!==r.contentWindow);else{if(r.removeAttribute(\"style\"),\"height\"===t.message){if(1e3<(s=parseInt(t.value,10)))s=1e3;else if(~~s<200)s=200;r.height=s}if(\"link\"===t.message)if(s=d.createElement(\"a\"),a=d.createElement(\"a\"),s.href=r.getAttribute(\"src\"),a.href=t.value,!o.test(a.protocol));else if(a.host===s.host)if(d.activeElement===r)c.top.location.href=t.value}}},e)c.addEventListener(\"message\",c.wp.receiveEmbedMessage,!1),d.addEventListener(\"DOMContentLoaded\",t,!1),c.addEventListener(\"load\",t,!1);function t(){if(o);else{o=!0;for(var e,t,r,s=-1!==navigator.appVersion.indexOf(\"MSIE 10\"),a=!!navigator.userAgent.match(\/Trident.*rv:11\\.\/),i=d.querySelectorAll(\"iframe.wp-embedded-content\"),n=0;n<i.length;n++){if(!(r=(t=i[n]).getAttribute(\"data-secret\")))r=Math.random().toString(36).substr(2,10),t.src+=\"#?secret=\"+r,t.setAttribute(\"data-secret\",r);if(s||a)(e=t.cloneNode(!0)).removeAttribute(\"security\"),t.parentNode.replaceChild(e,t);t.contentWindow.postMessage({message:\"ready\",secret:r},\"*\")}}}}(window,document);\n<\/script>\n","thumbnail_url":"https:\/\/noticias.imer.mx\/laferia\/files\/2017\/03\/El-oficio-mio-.jpg","thumbnail_width":600,"thumbnail_height":600,"description":"El m\u00fasico\u00a0Armando Rosas\u00a0celebrar\u00e1 30 a\u00f1os de trayectoria art\u00edstica con la producci\u00f3n discogr\u00e1fica\u00a0El oficio m\u00edo, que se presentar\u00e1 el 25 de Marzo en el\u00a0Teatro de la Ciudad, Esperanza Iris. Armando Rosas nos acompa\u00f1\u00f3 en cabina."}