{"version":"1.0","provider_name":"Antena Radio","provider_url":"https:\/\/noticias.imer.mx\/antenaradio","author_name":"IMER Noticias","author_url":"https:\/\/noticias.imer.mx\/antenaradio\/author\/antenaradio\/","title":"Entrevista Jose Luis Alba. - Antena Radio","type":"rich","width":600,"height":338,"html":"<blockquote class=\"wp-embedded-content\" data-secret=\"KQs75Vn02L\"><a href=\"https:\/\/noticias.imer.mx\/antenaradio\/2009\/09\/11\/entrevista-jose-luis-alba\/\">Entrevista Jose Luis Alba.<\/a><\/blockquote><iframe sandbox=\"allow-scripts\" security=\"restricted\" src=\"https:\/\/noticias.imer.mx\/antenaradio\/2009\/09\/11\/entrevista-jose-luis-alba\/embed\/#?secret=KQs75Vn02L\" width=\"600\" height=\"338\" title=\"\u00abEntrevista Jose Luis Alba.\u00bb \u2014 Antena Radio\" data-secret=\"KQs75Vn02L\" frameborder=\"0\" marginwidth=\"0\" marginheight=\"0\" scrolling=\"no\" class=\"wp-embedded-content\"><\/iframe><script type=\"text\/javascript\">\n\/*! This file is auto-generated *\/\n!function(c,d){\"use strict\";var e=!1,o=!1;if(d.querySelector)if(c.addEventListener)e=!0;if(c.wp=c.wp||{},c.wp.receiveEmbedMessage);else if(c.wp.receiveEmbedMessage=function(e){var t=e.data;if(!t);else if(!(t.secret||t.message||t.value));else if(\/[^a-zA-Z0-9]\/.test(t.secret));else{for(var r,s,a,i=d.querySelectorAll('iframe[data-secret=\"'+t.secret+'\"]'),n=d.querySelectorAll('blockquote[data-secret=\"'+t.secret+'\"]'),o=new RegExp(\"^https?:$\",\"i\"),l=0;l<n.length;l++)n[l].style.display=\"none\";for(l=0;l<i.length;l++)if(r=i[l],e.source!==r.contentWindow);else{if(r.removeAttribute(\"style\"),\"height\"===t.message){if(1e3<(s=parseInt(t.value,10)))s=1e3;else if(~~s<200)s=200;r.height=s}if(\"link\"===t.message)if(s=d.createElement(\"a\"),a=d.createElement(\"a\"),s.href=r.getAttribute(\"src\"),a.href=t.value,!o.test(a.protocol));else if(a.host===s.host)if(d.activeElement===r)c.top.location.href=t.value}}},e)c.addEventListener(\"message\",c.wp.receiveEmbedMessage,!1),d.addEventListener(\"DOMContentLoaded\",t,!1),c.addEventListener(\"load\",t,!1);function t(){if(o);else{o=!0;for(var e,t,r,s=-1!==navigator.appVersion.indexOf(\"MSIE 10\"),a=!!navigator.userAgent.match(\/Trident.*rv:11\\.\/),i=d.querySelectorAll(\"iframe.wp-embedded-content\"),n=0;n<i.length;n++){if(!(r=(t=i[n]).getAttribute(\"data-secret\")))r=Math.random().toString(36).substr(2,10),t.src+=\"#?secret=\"+r,t.setAttribute(\"data-secret\",r);if(s||a)(e=t.cloneNode(!0)).removeAttribute(\"security\"),t.parentNode.replaceChild(e,t);t.contentWindow.postMessage({message:\"ready\",secret:r},\"*\")}}}}(window,document);\n<\/script>\n","description":"Con motivos de las fiestas conmemorativas del aniversario de la Independencia, la Procuradur\u00eda Federal del Consumidor pone en marcha un programa especial de verificaci\u00f3n de precios, para darnos los detalles platicamos con Jos\u00e9 Luis Alba Costal, director de verificaci\u00f3n y vigilancia de PROFECO. \u00a0 jose-luis-alba","thumbnail_url":"http:\/\/www.blogs.imer.com.mx\/antenaradio\/files\/2009\/09\/banderasnt_-150x150.jpg"}